{"id":725,"date":"2021-03-30T19:04:13","date_gmt":"2021-03-30T19:04:13","guid":{"rendered":"https:\/\/veynes.fr\/?page_id=725"},"modified":"2025-09-16T14:04:20","modified_gmt":"2025-09-16T13:04:20","slug":"urbanisme-2","status":"publish","type":"page","link":"https:\/\/veynes.fr\/?page_id=725","title":{"rendered":"Urbanisme"},"content":{"rendered":"\t\t<div data-elementor-type=\"wp-page\" data-elementor-id=\"725\" class=\"elementor elementor-725\">\n\t\t\t\t\t\t<section class=\"elementor-section elementor-top-section elementor-element elementor-element-10cddd8 elementor-section-boxed elementor-section-height-default elementor-section-height-default\" data-id=\"10cddd8\" data-element_type=\"section\">\n\t\t\t\t\t\t<div class=\"elementor-container elementor-column-gap-default\">\n\t\t\t\t\t<div class=\"elementor-column elementor-col-100 elementor-top-column elementor-element elementor-element-b78093d\" data-id=\"b78093d\" data-element_type=\"column\">\n\t\t\t<div class=\"elementor-widget-wrap elementor-element-populated\">\n\t\t\t\t\t\t<div class=\"elementor-element elementor-element-af9d705 elementor-widget elementor-widget-text-editor\" data-id=\"af9d705\" data-element_type=\"widget\" data-widget_type=\"text-editor.default\">\n\t\t\t\t<div class=\"elementor-widget-container\">\n\t\t\t\t\t\t\t\t\t<p>\u00a0<\/p><ul><li><h3><a href=\"https:\/\/veynes.fr\/wp-content\/uploads\/2025\/02\/OPAH-Veynes.pdf\" target=\"_blank\" rel=\"noopener\">Op\u00e9ration Programm\u00e9e d&#8217;Am\u00e9lioration de l&#8217;Habitat <\/a><\/h3><\/li><li><h3><a href=\"https:\/\/veynes.fr\/wp-content\/uploads\/2024\/10\/affiche-mise-a-disposition-modif-n\u00b02.pdf\">Avis de mise \u00e0 disposition du public du projet de modification simplifi\u00e9e n\u00b02 du PLU<\/a><\/h3><\/li><li><h3><a href=\"https:\/\/veynes.fr\/wp-content\/uploads\/2024\/05\/Amenagement-Rd-point-de-Veynes.pdf\"><span style=\"color: #1cafed;\"><strong>Am\u00e9nagement Rond-Point de Veynes<\/strong><\/span><\/a><\/h3><\/li><li><h3><strong><a href=\"https:\/\/veynes.fr\/wp-content\/uploads\/2024\/01\/dicrim-veynes-2024.pdf\" target=\"_blank\" rel=\"noopener\">DICRIM<\/a><\/strong><\/h3><\/li><li><h3><a href=\"https:\/\/www.geoportail-urbanisme.gouv.fr\/map\/#tile=1&amp;lon=5.824037&amp;lat=44.534603000000004&amp;zoom=13&amp;mlon=5.824037&amp;mlat=44.534603&amp;screensizestate=normal&amp;sup=0:0.5&amp;conservation_du_patrimoine=0:0.5&amp;patrimoine_naturel=0:0.5&amp;forets=0:0.5&amp;littoral=0:0.5&amp;eaux=0:0.5&amp;reserve_parc=0:0.5&amp;agricole=0:0.5&amp;patrimoine_culturel=0:0.5&amp;monument_historique=0:0.5&amp;monument_naturel_site=0:0.5&amp;patrimoine_architectural=0:0.5&amp;patrimoine_sportif=0:0.5&amp;sport=0:0.5&amp;ressources_equipement=0:0.5&amp;energie=0:0.5&amp;electricite=0:0.5&amp;gaz=0:0.5&amp;energie_hydraulique=0:0.5&amp;chaleur_froid=0:0.5&amp;mines_carrieres=0:0.5&amp;carriere=0:0.5&amp;canalisation=0:0.5&amp;gaz_hydrocarbures_produits_chimiques=0:0.5&amp;assainissement=0:0.5&amp;communication=0:0.5&amp;cours_d_eau=0:0.5&amp;navigation_maritime=0:0.5&amp;transport_ferroviaire=0:0.5&amp;reseau_routier=0:0.5&amp;circulation_aerienne=0:0.5&amp;remontee_piste_ski=0:0.5&amp;associations=0:0.5&amp;transport_cable=0:0.5&amp;telecommunication=0:0.5&amp;defense_nationale=0:0.5&amp;defense=0:0.5&amp;ouvrage_defense=0:0.5&amp;salubrite_securite_publique=0:0.5&amp;salubrite_publique=0:0.5&amp;cimetieres=0:0.5&amp;conchylicoles=0:0.5&amp;securite_publique=0:0.5&amp;ouvrage_plan_prevention_risque=0:0.5&amp;scot=0:0.8\">PLU<\/a><\/h3><\/li><\/ul>\t\t\t\t\t\t\t\t<\/div>\n\t\t\t\t<\/div>\n\t\t\t\t\t<\/div>\n\t\t<\/div>\n\t\t\t\t\t<\/div>\n\t\t<\/section>\n\t\t\t\t<section class=\"elementor-section elementor-top-section elementor-element elementor-element-b40bc1b elementor-section-boxed elementor-section-height-default elementor-section-height-default\" data-id=\"b40bc1b\" data-element_type=\"section\">\n\t\t\t\t\t\t<div class=\"elementor-container elementor-column-gap-default\">\n\t\t\t\t\t<div class=\"elementor-column elementor-col-100 elementor-top-column elementor-element elementor-element-1f37167\" data-id=\"1f37167\" data-element_type=\"column\">\n\t\t\t<div class=\"elementor-widget-wrap elementor-element-populated\">\n\t\t\t\t\t\t<div class=\"elementor-element elementor-element-4fd7d58 elementor-widget elementor-widget-text-editor\" data-id=\"4fd7d58\" data-element_type=\"widget\" data-widget_type=\"text-editor.default\">\n\t\t\t\t<div class=\"elementor-widget-container\">\n\t\t\t\t\t\t\t\t\t<ul><li><h4><a href=\"https:\/\/www.service-public.fr\/particuliers\/vosdroits\/F1633\" target=\"_blank\" rel=\"noopener\">Certificat d&#8217;Urbanisme<\/a><\/h4><\/li><li><h4><span style=\"color: #2facf5;\"><strong><a href=\"https:\/\/veynes.fr\/wp-content\/uploads\/2023\/06\/approbation-PLU-avis-au-public.pdf\">Approbation de la R\u00e9vision All\u00e9g\u00e9e n\u00b01 du PLU<\/a><br \/><\/strong><\/span><\/h4><\/li><li><h4><a href=\"https:\/\/www.service-public.fr\/particuliers\/vosdroits\/F1986\" target=\"_blank\" rel=\"noopener\">Permis de Construire<\/a><\/h4><\/li><li><h4><a href=\"https:\/\/www.service-public.fr\/particuliers\/vosdroits\/F17665\" target=\"_blank\" rel=\"noopener\">Permis d&#8217;am\u00e9nager<\/a><\/h4><\/li><li><h4><a href=\"https:\/\/www.service-public.fr\/particuliers\/vosdroits\/F19450\" target=\"_blank\" rel=\"noopener\" data-xiti-name=\"Particuliers::Vos_droits::Navigation_Directe::Permis_modificatif_d'un_permis_de_construire_ou_d'am\u00e9nager\">Permis modificatif d&#8217;un permis de construire ou d&#8217;am\u00e9nager<\/a><\/h4><\/li><li><h4><a href=\"https:\/\/www.service-public.fr\/particuliers\/vosdroits\/F17669\">Permis de d\u00e9molir<\/a><\/h4><\/li><li><h4><span style=\"color: #1eaff7;\"><a style=\"color: #1eaff7;\" href=\"https:\/\/flipbookpdf.net\/web\/site\/c6049de4e26ebbeeebaaa65175de4106bf42bb41202104.pdf.html\" target=\"_blank\" rel=\"noopener\">Charte AUP-b\u00e2ti<\/a><\/span><\/h4><\/li><li><h4><span style=\"color: #1eaff7;\"><a href=\"https:\/\/veynes.fr\/wp-content\/uploads\/2023\/01\/REGLEMENT-DE-VOIRIE-NOVEMBRE-2022-ANNEXE.pdf\"><span id=\"page2R_mcid0\" class=\"markedContent\"><span dir=\"ltr\" role=\"presentation\">R\u00e8glement de voirie <\/span><\/span><\/a><span id=\"page2R_mcid1\" class=\"markedContent\"><span dir=\"ltr\" role=\"presentation\">(Novembre 2022)<br \/><\/span><\/span><\/span><\/h4><h4><span style=\"color: #1eaff7;\"><span id=\"page2R_mcid0\" class=\"markedContent\"><br role=\"presentation\" \/><\/span><br \/><\/span><\/h4><\/li><\/ul>\t\t\t\t\t\t\t\t<\/div>\n\t\t\t\t<\/div>\n\t\t\t\t\t<\/div>\n\t\t<\/div>\n\t\t\t\t\t<\/div>\n\t\t<\/section>\n\t\t\t\t<\/div>\n\t\t","protected":false},"excerpt":{"rendered":"<p>\u00a0 Op\u00e9ration Programm\u00e9e d&#8217;Am\u00e9lioration de l&#8217;Habitat Avis de mise \u00e0 disposition du public du projet de modification simplifi\u00e9e n\u00b02 du&hellip;<\/p>\n","protected":false},"author":6,"featured_media":0,"parent":0,"menu_order":0,"comment_status":"closed","ping_status":"closed","template":"","meta":{"footnotes":""},"class_list":["post-725","page","type-page","status-publish","hentry"],"_links":{"self":[{"href":"https:\/\/veynes.fr\/index.php?rest_route=\/wp\/v2\/pages\/725","targetHints":{"allow":["GET"]}}],"collection":[{"href":"https:\/\/veynes.fr\/index.php?rest_route=\/wp\/v2\/pages"}],"about":[{"href":"https:\/\/veynes.fr\/index.php?rest_route=\/wp\/v2\/types\/page"}],"author":[{"embeddable":true,"href":"https:\/\/veynes.fr\/index.php?rest_route=\/wp\/v2\/users\/6"}],"replies":[{"embeddable":true,"href":"https:\/\/veynes.fr\/index.php?rest_route=%2Fwp%2Fv2%2Fcomments&post=725"}],"version-history":[{"count":65,"href":"https:\/\/veynes.fr\/index.php?rest_route=\/wp\/v2\/pages\/725\/revisions"}],"predecessor-version":[{"id":9362,"href":"https:\/\/veynes.fr\/index.php?rest_route=\/wp\/v2\/pages\/725\/revisions\/9362"}],"wp:attachment":[{"href":"https:\/\/veynes.fr\/index.php?rest_route=%2Fwp%2Fv2%2Fmedia&parent=725"}],"curies":[{"name":"wp","href":"https:\/\/api.w.org\/{rel}","templated":true}]}}